{"id":1062,"date":"2020-04-08T08:00:38","date_gmt":"2020-04-08T08:00:38","guid":{"rendered":"https:\/\/www.ideacasajesolo.it\/appartamenti\/loredana-30\/"},"modified":"2020-04-08T17:32:14","modified_gmt":"2020-04-08T17:32:14","slug":"loredana-30","status":"publish","type":"appartamenti","link":"https:\/\/www.ideacasajesolo.it\/de\/appartamenti\/loredana-30\/","title":{"rendered":"Loredana 30"},"content":{"rendered":"<p>Die Ferienwohnung befindet sich in der ersten Etage des Condominio Pioppi, um dem\u00a09. Zugang zum Meer von Via A. Bafile. Sie ist nur\u00a050 Meter von Meer entfernt und liegt in einem zentralen und ruhigen Gebiet der Stadt.<\/p>\n<p>Das Appartement umfasst eine Fl\u00e4che von 40 Quadratmeter und bestehet aus einem Wohnzimmer mit K\u00fcchenzeile, einem Schlafzimmer und einem Badezimmer.\u00a0Es hat eine gro\u00dfe Terrasse mit Blick auf Via A. Bafile, wo man essen kann oder angenehmen Momente verbringt. Es\u00a0bietet Platz f\u00fcr bis zu sechs Personen. Das Schlafzimmer verf\u00fcgt \u00fcber ein Doppelbett und ein Etagenbett, das Wohnzimmer ist\u00a0mit einem bequemen Doppelschlafsofa ausgestatten.\u00a0Das Badezimmer hat eine Duschkabine aus Kristalglas.<\/p>\n<p>Die Wohnung wurde k\u00fcrzlich renoviert und ist in einem modernen Stil eingerichtet.\u00a0Sie ver\u00fcgt\u00a0\u00fcber vielen Komfort wie Klimaanlage, Fernseher, Mikrowelle und Waschmaschine.\u00a0Der Mietpreis ist inklusive eines reservierten Parkplatzes und eines Platzes am Strand\u00a0f\u00fcr die ganze Dauer des Aufenthalts. Die Ferienwohnung Loredana 30 ist die perfekte\u00a0L\u00f6sung f\u00fcr Paare, kleine Gruppen und Familien, die sich in der Mitte von Jesolo und am Meer aufhalten m\u00f6chten. Sie verbindet Komfort und Liebe zum Detail.<\/p>\n<p>Die Wohnungen verf\u00fcgen nicht \u00fcber Bett- Bad- und Tisch-w\u00e4sche.<\/p>\n","protected":false},"featured_media":746,"template":"","categories":[],"postiletto":[55],"acf":[],"_links":{"self":[{"href":"https:\/\/www.ideacasajesolo.it\/de\/wp-json\/wp\/v2\/appartamenti\/1062"}],"collection":[{"href":"https:\/\/www.ideacasajesolo.it\/de\/wp-json\/wp\/v2\/appartamenti"}],"about":[{"href":"https:\/\/www.ideacasajesolo.it\/de\/wp-json\/wp\/v2\/types\/appartamenti"}],"version-history":[{"count":3,"href":"https:\/\/www.ideacasajesolo.it\/de\/wp-json\/wp\/v2\/appartamenti\/1062\/revisions"}],"predecessor-version":[{"id":1073,"href":"https:\/\/www.ideacasajesolo.it\/de\/wp-json\/wp\/v2\/appartamenti\/1062\/revisions\/1073"}],"wp:featuredmedia":[{"embeddable":true,"href":"https:\/\/www.ideacasajesolo.it\/de\/wp-json\/wp\/v2\/media\/746"}],"wp:attachment":[{"href":"https:\/\/www.ideacasajesolo.it\/de\/wp-json\/wp\/v2\/media?parent=1062"}],"wp:term":[{"taxonomy":"category","embeddable":true,"href":"https:\/\/www.ideacasajesolo.it\/de\/wp-json\/wp\/v2\/categories?post=1062"},{"taxonomy":"postiletto","embeddable":true,"href":"https:\/\/www.ideacasajesolo.it\/de\/wp-json\/wp\/v2\/postiletto?post=1062"}],"curies":[{"name":"wp","href":"https:\/\/api.w.org\/{rel}","templated":true}]}}