{"id":1161,"date":"2020-04-07T16:35:11","date_gmt":"2020-04-07T16:35:11","guid":{"rendered":"https:\/\/www.ideacasajesolo.it\/jesolo\/"},"modified":"2020-04-09T09:17:51","modified_gmt":"2020-04-09T09:17:51","slug":"jesolo","status":"publish","type":"page","link":"https:\/\/www.ideacasajesolo.it\/de\/jesolo\/","title":{"rendered":"Jesolo"},"content":{"rendered":"\t\t<div data-elementor-type=\"wp-page\" data-elementor-id=\"1161\" class=\"elementor elementor-1161 elementor-390\" data-elementor-post-type=\"page\">\n\t\t\t\t\t\t<section class=\"elementor-section elementor-top-section elementor-element elementor-element-b36ef54 elementor-section-stretched elementor-section-full_width elementor-hidden-tablet elementor-hidden-phone elementor-section-height-default elementor-section-height-default\" data-id=\"b36ef54\" data-element_type=\"section\" data-settings=\"{&quot;stretch_section&quot;:&quot;section-stretched&quot;}\">\n\t\t\t\t\t\t<div class=\"elementor-container elementor-column-gap-no\">\n\t\t\t\t\t<div class=\"elementor-column elementor-col-100 elementor-top-column elementor-element elementor-element-ef027f4\" data-id=\"ef027f4\" data-element_type=\"column\" data-settings=\"{&quot;background_background&quot;:&quot;classic&quot;}\">\n\t\t\t<div class=\"elementor-widget-wrap elementor-element-populated\">\n\t\t\t\t\t\t<div class=\"elementor-element elementor-element-6bbef6f elementor-widget elementor-widget-image\" data-id=\"6bbef6f\" data-element_type=\"widget\" data-widget_type=\"image.default\">\n\t\t\t\t<div class=\"elementor-widget-container\">\n\t\t\t\t\t\t\t\t\t\t\t\t\t<img fetchpriority=\"high\" decoding=\"async\" width=\"2560\" height=\"600\" src=\"https:\/\/www.ideacasajesolo.it\/wp-content\/uploads\/2020\/04\/home-jesolo.jpg\" class=\"attachment-full size-full wp-image-558\" alt=\"\" srcset=\"https:\/\/www.ideacasajesolo.it\/wp-content\/uploads\/2020\/04\/home-jesolo.jpg 2560w, https:\/\/www.ideacasajesolo.it\/wp-content\/uploads\/2020\/04\/home-jesolo-300x70.jpg 300w, https:\/\/www.ideacasajesolo.it\/wp-content\/uploads\/2020\/04\/home-jesolo-1024x240.jpg 1024w, https:\/\/www.ideacasajesolo.it\/wp-content\/uploads\/2020\/04\/home-jesolo-768x180.jpg 768w, https:\/\/www.ideacasajesolo.it\/wp-content\/uploads\/2020\/04\/home-jesolo-1536x360.jpg 1536w, https:\/\/www.ideacasajesolo.it\/wp-content\/uploads\/2020\/04\/home-jesolo-2048x480.jpg 2048w\" sizes=\"(max-width: 2560px) 100vw, 2560px\" \/>\t\t\t\t\t\t\t\t\t\t\t\t\t<\/div>\n\t\t\t\t<\/div>\n\t\t\t\t\t<\/div>\n\t\t<\/div>\n\t\t\t\t\t<\/div>\n\t\t<\/section>\n\t\t\t\t<section class=\"elementor-section elementor-top-section elementor-element elementor-element-e63190f elementor-section-stretched elementor-section-full_width elementor-hidden-desktop elementor-section-height-default elementor-section-height-default\" data-id=\"e63190f\" data-element_type=\"section\" data-settings=\"{&quot;stretch_section&quot;:&quot;section-stretched&quot;}\">\n\t\t\t\t\t\t<div class=\"elementor-container elementor-column-gap-no\">\n\t\t\t\t\t<div class=\"elementor-column elementor-col-100 elementor-top-column elementor-element elementor-element-96d0a75\" data-id=\"96d0a75\" data-element_type=\"column\" data-settings=\"{&quot;background_background&quot;:&quot;classic&quot;}\">\n\t\t\t<div class=\"elementor-widget-wrap elementor-element-populated\">\n\t\t\t\t\t\t<div class=\"elementor-element elementor-element-2912905 elementor-widget elementor-widget-image\" data-id=\"2912905\" data-element_type=\"widget\" data-widget_type=\"image.default\">\n\t\t\t\t<div class=\"elementor-widget-container\">\n\t\t\t\t\t\t\t\t\t\t\t\t\t<img decoding=\"async\" width=\"1158\" height=\"600\" src=\"https:\/\/www.ideacasajesolo.it\/wp-content\/uploads\/2020\/04\/jesolo-mobile.jpg\" class=\"attachment-full size-full wp-image-782\" alt=\"\" srcset=\"https:\/\/www.ideacasajesolo.it\/wp-content\/uploads\/2020\/04\/jesolo-mobile.jpg 1158w, https:\/\/www.ideacasajesolo.it\/wp-content\/uploads\/2020\/04\/jesolo-mobile-300x155.jpg 300w, https:\/\/www.ideacasajesolo.it\/wp-content\/uploads\/2020\/04\/jesolo-mobile-1024x531.jpg 1024w, https:\/\/www.ideacasajesolo.it\/wp-content\/uploads\/2020\/04\/jesolo-mobile-768x398.jpg 768w\" sizes=\"(max-width: 1158px) 100vw, 1158px\" \/>\t\t\t\t\t\t\t\t\t\t\t\t\t<\/div>\n\t\t\t\t<\/div>\n\t\t\t\t\t<\/div>\n\t\t<\/div>\n\t\t\t\t\t<\/div>\n\t\t<\/section>\n\t\t\t\t<section class=\"elementor-section elementor-top-section elementor-element elementor-element-f3167d4 elementor-section-stretched elementor-section-boxed elementor-section-height-default elementor-section-height-default\" data-id=\"f3167d4\" data-element_type=\"section\" data-settings=\"{&quot;stretch_section&quot;:&quot;section-stretched&quot;,&quot;background_background&quot;:&quot;classic&quot;}\">\n\t\t\t\t\t\t<div class=\"elementor-container elementor-column-gap-default\">\n\t\t\t\t\t<div class=\"elementor-column elementor-col-25 elementor-top-column elementor-element elementor-element-58ac4ca\" data-id=\"58ac4ca\" data-element_type=\"column\">\n\t\t\t<div class=\"elementor-widget-wrap\">\n\t\t\t\t\t\t\t<\/div>\n\t\t<\/div>\n\t\t\t\t<div class=\"elementor-column elementor-col-50 elementor-top-column elementor-element elementor-element-c4bf9bf\" data-id=\"c4bf9bf\" data-element_type=\"column\">\n\t\t\t<div class=\"elementor-widget-wrap elementor-element-populated\">\n\t\t\t\t\t\t<div class=\"elementor-element elementor-element-63fb9c0 elementor-widget elementor-widget-spacer\" data-id=\"63fb9c0\" data-element_type=\"widget\" data-widget_type=\"spacer.default\">\n\t\t\t\t<div class=\"elementor-widget-container\">\n\t\t\t\t\t<div class=\"elementor-spacer\">\n\t\t\t<div class=\"elementor-spacer-inner\"><\/div>\n\t\t<\/div>\n\t\t\t\t<\/div>\n\t\t\t\t<\/div>\n\t\t\t\t<div class=\"elementor-element elementor-element-5034490 elementor-widget elementor-widget-html\" data-id=\"5034490\" data-element_type=\"widget\" data-widget_type=\"html.default\">\n\t\t\t\t<div class=\"elementor-widget-container\">\n\t\t\t<center><img decoding=\"async\" src=\"https:\/\/www.ideacasajesolo.it\/wp-content\/uploads\/2020\/04\/mare-1.svg\" width=50px\"><\/center>\t\t<\/div>\n\t\t\t\t<\/div>\n\t\t\t\t<div class=\"elementor-element elementor-element-b31f244 elementor-widget elementor-widget-spacer\" data-id=\"b31f244\" data-element_type=\"widget\" data-widget_type=\"spacer.default\">\n\t\t\t\t<div class=\"elementor-widget-container\">\n\t\t\t\t\t<div class=\"elementor-spacer\">\n\t\t\t<div class=\"elementor-spacer-inner\"><\/div>\n\t\t<\/div>\n\t\t\t\t<\/div>\n\t\t\t\t<\/div>\n\t\t\t\t<div class=\"elementor-element elementor-element-0bd6f5a elementor-widget elementor-widget-html\" data-id=\"0bd6f5a\" data-element_type=\"widget\" data-widget_type=\"html.default\">\n\t\t\t\t<div class=\"elementor-widget-container\">\n\t\t\t<center><img decoding=\"async\" src=\"https:\/\/www.ideacasajesolo.it\/wp-content\/uploads\/2020\/04\/jesolo-blu.svg\" width=160px\"><\/center>\t\t<\/div>\n\t\t\t\t<\/div>\n\t\t\t\t<div class=\"elementor-element elementor-element-da49a2b elementor-widget elementor-widget-spacer\" data-id=\"da49a2b\" data-element_type=\"widget\" data-widget_type=\"spacer.default\">\n\t\t\t\t<div class=\"elementor-widget-container\">\n\t\t\t\t\t<div class=\"elementor-spacer\">\n\t\t\t<div class=\"elementor-spacer-inner\"><\/div>\n\t\t<\/div>\n\t\t\t\t<\/div>\n\t\t\t\t<\/div>\n\t\t\t\t<div class=\"elementor-element elementor-element-76d1d2e elementor-widget elementor-widget-text-editor\" data-id=\"76d1d2e\" data-element_type=\"widget\" data-widget_type=\"text-editor.default\">\n\t\t\t\t<div class=\"elementor-widget-container\">\n\t\t\t\t\t\t\t<p style=\"text-align: center;\"><span style=\"color: #35a9e0;\">Con i suoi quindici chilometri di sabbia ambrata, \u00e8 uno dei litorali pi\u00f9 frequentati d\u2019Italia. La spiaggia, con il suo scendere lento fino a riva, i suoi fondali bassi e sabbiosi, i tipici pontili e il suo mare premiato da anni con la famosa Bandiera Blu, \u00e8 lo scenario perfetto per vivere un\u2019indimenticabile vacanza in compagnia degli amici di sempre o della famiglia, bambini inclusi.<\/span><\/p>\t\t\t\t\t\t<\/div>\n\t\t\t\t<\/div>\n\t\t\t\t<div class=\"elementor-element elementor-element-e335271 elementor-widget elementor-widget-spacer\" data-id=\"e335271\" data-element_type=\"widget\" data-widget_type=\"spacer.default\">\n\t\t\t\t<div class=\"elementor-widget-container\">\n\t\t\t\t\t<div class=\"elementor-spacer\">\n\t\t\t<div class=\"elementor-spacer-inner\"><\/div>\n\t\t<\/div>\n\t\t\t\t<\/div>\n\t\t\t\t<\/div>\n\t\t\t\t\t<\/div>\n\t\t<\/div>\n\t\t\t\t<div class=\"elementor-column elementor-col-25 elementor-top-column elementor-element elementor-element-1574a68\" data-id=\"1574a68\" data-element_type=\"column\">\n\t\t\t<div class=\"elementor-widget-wrap\">\n\t\t\t\t\t\t\t<\/div>\n\t\t<\/div>\n\t\t\t\t\t<\/div>\n\t\t<\/section>\n\t\t\t\t<section class=\"elementor-section elementor-top-section elementor-element elementor-element-43cdccd elementor-section-stretched elementor-section-full_width elementor-section-content-middle elementor-section-height-default elementor-section-height-default\" data-id=\"43cdccd\" data-element_type=\"section\" data-settings=\"{&quot;stretch_section&quot;:&quot;section-stretched&quot;}\">\n\t\t\t\t\t\t<div class=\"elementor-container elementor-column-gap-no\">\n\t\t\t\t\t<div class=\"elementor-column elementor-col-25 elementor-top-column elementor-element elementor-element-c5be5d6\" data-id=\"c5be5d6\" data-element_type=\"column\">\n\t\t\t<div class=\"elementor-widget-wrap\">\n\t\t\t\t\t\t\t<\/div>\n\t\t<\/div>\n\t\t\t\t<div class=\"elementor-column elementor-col-25 elementor-top-column elementor-element elementor-element-5af4323\" data-id=\"5af4323\" data-element_type=\"column\" data-settings=\"{&quot;background_background&quot;:&quot;classic&quot;}\">\n\t\t\t<div class=\"elementor-widget-wrap elementor-element-populated\">\n\t\t\t\t\t\t<div class=\"elementor-element elementor-element-eb5cdc6 elementor-widget elementor-widget-text-editor\" data-id=\"eb5cdc6\" data-element_type=\"widget\" data-widget_type=\"text-editor.default\">\n\t\t\t\t<div class=\"elementor-widget-container\">\n\t\t\t\t\t\t\t<p><span style=\"color: #35a9e0;\">Oltre ad essere una delle spiagge pi\u00f9 conosciute a livello internazionale, Jesolo \u00e8 una citt\u00e0 che vive tutto l\u2019anno, grazie ad un ricco calendario di manifestazioni culturali, sportive ed enogastronomiche.<\/span><\/p><p>Situata a pochi chilometri da grandi citt\u00e0 d\u2019arte come Venezia, Treviso e Padova, la citt\u00e0 pu\u00f2 vantare una posizione geografica privilegiata ed essere il punto di partenza per gite ed escursioni fra le meraviglie del Veneto.<\/p><p>Con i suoi tre poli turistici \u2013 il Centro, il Faro e la Pineta \u2013 Jesolo offre ai suoi ospiti paesaggi naturali e innumerevoli occasioni di svago. Spiagge attrezzate per rilassanti bagni di sole e contest sportivi, una pineta che invita a passeggiare immersi nella quiete, la campagna attraversata dai placidi corsi d\u2019acqua del Sile e del Piave. Numerose sono le proposte per il tempo libero: cinque darsene per chi ama la navigazione, scuole di vela, windsurf, canoa, corsi di sub, scuole di tennis, aree polifunzionali per il basket, la pallavolo e il calcio, minigolf, il parco acquatico numero uno in Italia, una pista da karting omologata per gare di campionato mondiale e un\u2019infinit\u00e0 di biciclette a noleggio, per chi vuole scoprire la campagna e l\u2019entroterra attraverso i numerosi percorsi ciclabili.<\/p>\t\t\t\t\t\t<\/div>\n\t\t\t\t<\/div>\n\t\t\t\t<section class=\"elementor-section elementor-inner-section elementor-element elementor-element-8820959 elementor-section-boxed elementor-section-height-default elementor-section-height-default\" data-id=\"8820959\" data-element_type=\"section\">\n\t\t\t\t\t\t<div class=\"elementor-container elementor-column-gap-default\">\n\t\t\t\t\t<div class=\"elementor-column elementor-col-100 elementor-inner-column elementor-element elementor-element-a6a3615\" data-id=\"a6a3615\" data-element_type=\"column\">\n\t\t\t<div class=\"elementor-widget-wrap\">\n\t\t\t\t\t\t\t<\/div>\n\t\t<\/div>\n\t\t\t\t\t<\/div>\n\t\t<\/section>\n\t\t\t\t\t<\/div>\n\t\t<\/div>\n\t\t\t\t<div class=\"elementor-column elementor-col-25 elementor-top-column elementor-element elementor-element-a171e6a\" data-id=\"a171e6a\" data-element_type=\"column\">\n\t\t\t<div class=\"elementor-widget-wrap\">\n\t\t\t\t\t\t\t<\/div>\n\t\t<\/div>\n\t\t\t\t<div class=\"elementor-column elementor-col-25 elementor-top-column elementor-element elementor-element-86308cc\" data-id=\"86308cc\" data-element_type=\"column\">\n\t\t\t<div class=\"elementor-widget-wrap elementor-element-populated\">\n\t\t\t\t\t\t<div class=\"elementor-element elementor-element-c546660 elementor-widget elementor-widget-image\" data-id=\"c546660\" data-element_type=\"widget\" data-widget_type=\"image.default\">\n\t\t\t\t<div class=\"elementor-widget-container\">\n\t\t\t\t\t\t\t\t\t\t\t\t\t<img decoding=\"async\" width=\"1280\" height=\"730\" src=\"https:\/\/www.ideacasajesolo.it\/wp-content\/uploads\/2020\/04\/appartamenti-a-jesolo.jpg\" class=\"attachment-full size-full wp-image-668\" alt=\"\" srcset=\"https:\/\/www.ideacasajesolo.it\/wp-content\/uploads\/2020\/04\/appartamenti-a-jesolo.jpg 1280w, https:\/\/www.ideacasajesolo.it\/wp-content\/uploads\/2020\/04\/appartamenti-a-jesolo-300x171.jpg 300w, https:\/\/www.ideacasajesolo.it\/wp-content\/uploads\/2020\/04\/appartamenti-a-jesolo-1024x584.jpg 1024w, https:\/\/www.ideacasajesolo.it\/wp-content\/uploads\/2020\/04\/appartamenti-a-jesolo-768x438.jpg 768w\" sizes=\"(max-width: 1280px) 100vw, 1280px\" \/>\t\t\t\t\t\t\t\t\t\t\t\t\t<\/div>\n\t\t\t\t<\/div>\n\t\t\t\t\t<\/div>\n\t\t<\/div>\n\t\t\t\t\t<\/div>\n\t\t<\/section>\n\t\t\t\t<section class=\"elementor-section elementor-top-section elementor-element elementor-element-4037c4d elementor-section-stretched elementor-section-full_width elementor-section-height-default elementor-section-height-default\" data-id=\"4037c4d\" data-element_type=\"section\" data-settings=\"{&quot;stretch_section&quot;:&quot;section-stretched&quot;}\">\n\t\t\t\t\t\t<div class=\"elementor-container elementor-column-gap-no\">\n\t\t\t\t\t<div class=\"elementor-column elementor-col-50 elementor-top-column elementor-element elementor-element-b553599\" data-id=\"b553599\" data-element_type=\"column\">\n\t\t\t<div class=\"elementor-widget-wrap elementor-element-populated\">\n\t\t\t\t\t\t<div class=\"elementor-element elementor-element-082e8c4 elementor-widget elementor-widget-image\" data-id=\"082e8c4\" data-element_type=\"widget\" data-widget_type=\"image.default\">\n\t\t\t\t<div class=\"elementor-widget-container\">\n\t\t\t\t\t\t\t\t\t\t\t\t\t<img loading=\"lazy\" decoding=\"async\" width=\"1280\" height=\"730\" src=\"https:\/\/www.ideacasajesolo.it\/wp-content\/uploads\/2020\/04\/jesolo-lido.jpg\" class=\"attachment-full size-full wp-image-682\" alt=\"\" srcset=\"https:\/\/www.ideacasajesolo.it\/wp-content\/uploads\/2020\/04\/jesolo-lido.jpg 1280w, https:\/\/www.ideacasajesolo.it\/wp-content\/uploads\/2020\/04\/jesolo-lido-300x171.jpg 300w, https:\/\/www.ideacasajesolo.it\/wp-content\/uploads\/2020\/04\/jesolo-lido-1024x584.jpg 1024w, https:\/\/www.ideacasajesolo.it\/wp-content\/uploads\/2020\/04\/jesolo-lido-768x438.jpg 768w\" sizes=\"(max-width: 1280px) 100vw, 1280px\" \/>\t\t\t\t\t\t\t\t\t\t\t\t\t<\/div>\n\t\t\t\t<\/div>\n\t\t\t\t\t<\/div>\n\t\t<\/div>\n\t\t\t\t<div class=\"elementor-column elementor-col-50 elementor-top-column elementor-element elementor-element-80874a0\" data-id=\"80874a0\" data-element_type=\"column\">\n\t\t\t<div class=\"elementor-widget-wrap elementor-element-populated\">\n\t\t\t\t\t\t<div class=\"elementor-element elementor-element-59cf456 elementor-widget elementor-widget-image\" data-id=\"59cf456\" data-element_type=\"widget\" data-widget_type=\"image.default\">\n\t\t\t\t<div class=\"elementor-widget-container\">\n\t\t\t\t\t\t\t\t\t\t\t\t\t<img loading=\"lazy\" decoding=\"async\" width=\"1280\" height=\"730\" src=\"https:\/\/www.ideacasajesolo.it\/wp-content\/uploads\/2020\/04\/jesolo-beach.jpg\" class=\"attachment-full size-full wp-image-678\" alt=\"\" srcset=\"https:\/\/www.ideacasajesolo.it\/wp-content\/uploads\/2020\/04\/jesolo-beach.jpg 1280w, https:\/\/www.ideacasajesolo.it\/wp-content\/uploads\/2020\/04\/jesolo-beach-300x171.jpg 300w, https:\/\/www.ideacasajesolo.it\/wp-content\/uploads\/2020\/04\/jesolo-beach-1024x584.jpg 1024w, https:\/\/www.ideacasajesolo.it\/wp-content\/uploads\/2020\/04\/jesolo-beach-768x438.jpg 768w\" sizes=\"(max-width: 1280px) 100vw, 1280px\" \/>\t\t\t\t\t\t\t\t\t\t\t\t\t<\/div>\n\t\t\t\t<\/div>\n\t\t\t\t\t<\/div>\n\t\t<\/div>\n\t\t\t\t\t<\/div>\n\t\t<\/section>\n\t\t\t\t<section class=\"elementor-section elementor-top-section elementor-element elementor-element-9bad4c7 elementor-section-stretched elementor-section-full_width elementor-section-content-middle elementor-section-height-default elementor-section-height-default\" data-id=\"9bad4c7\" data-element_type=\"section\" data-settings=\"{&quot;stretch_section&quot;:&quot;section-stretched&quot;}\">\n\t\t\t\t\t\t<div class=\"elementor-container elementor-column-gap-no\">\n\t\t\t\t\t<div class=\"elementor-column elementor-col-25 elementor-top-column elementor-element elementor-element-be4c59c\" data-id=\"be4c59c\" data-element_type=\"column\">\n\t\t\t<div class=\"elementor-widget-wrap elementor-element-populated\">\n\t\t\t\t\t\t<div class=\"elementor-element elementor-element-388540c elementor-widget elementor-widget-image\" data-id=\"388540c\" data-element_type=\"widget\" data-widget_type=\"image.default\">\n\t\t\t\t<div class=\"elementor-widget-container\">\n\t\t\t\t\t\t\t\t\t\t\t\t\t<img loading=\"lazy\" decoding=\"async\" width=\"1280\" height=\"730\" src=\"https:\/\/www.ideacasajesolo.it\/wp-content\/uploads\/2020\/04\/aqualandia.jpg\" class=\"attachment-full size-full wp-image-670\" alt=\"\" srcset=\"https:\/\/www.ideacasajesolo.it\/wp-content\/uploads\/2020\/04\/aqualandia.jpg 1280w, https:\/\/www.ideacasajesolo.it\/wp-content\/uploads\/2020\/04\/aqualandia-300x171.jpg 300w, https:\/\/www.ideacasajesolo.it\/wp-content\/uploads\/2020\/04\/aqualandia-1024x584.jpg 1024w, https:\/\/www.ideacasajesolo.it\/wp-content\/uploads\/2020\/04\/aqualandia-768x438.jpg 768w\" sizes=\"(max-width: 1280px) 100vw, 1280px\" \/>\t\t\t\t\t\t\t\t\t\t\t\t\t<\/div>\n\t\t\t\t<\/div>\n\t\t\t\t\t<\/div>\n\t\t<\/div>\n\t\t\t\t<div class=\"elementor-column elementor-col-25 elementor-top-column elementor-element elementor-element-6f8ff5a\" data-id=\"6f8ff5a\" data-element_type=\"column\">\n\t\t\t<div class=\"elementor-widget-wrap\">\n\t\t\t\t\t\t\t<\/div>\n\t\t<\/div>\n\t\t\t\t<div class=\"elementor-column elementor-col-25 elementor-top-column elementor-element elementor-element-40183c6\" data-id=\"40183c6\" data-element_type=\"column\" data-settings=\"{&quot;background_background&quot;:&quot;classic&quot;}\">\n\t\t\t<div class=\"elementor-widget-wrap elementor-element-populated\">\n\t\t\t\t\t\t<div class=\"elementor-element elementor-element-0038e43 elementor-widget elementor-widget-spacer\" data-id=\"0038e43\" data-element_type=\"widget\" data-widget_type=\"spacer.default\">\n\t\t\t\t<div class=\"elementor-widget-container\">\n\t\t\t\t\t<div class=\"elementor-spacer\">\n\t\t\t<div class=\"elementor-spacer-inner\"><\/div>\n\t\t<\/div>\n\t\t\t\t<\/div>\n\t\t\t\t<\/div>\n\t\t\t\t<div class=\"elementor-element elementor-element-b4e300f elementor-widget elementor-widget-text-editor\" data-id=\"b4e300f\" data-element_type=\"widget\" data-widget_type=\"text-editor.default\">\n\t\t\t\t<div class=\"elementor-widget-container\">\n\t\t\t\t\t\t\t<p style=\"text-align: center;\"><span style=\"color: #35a9e0;\">Jesolo \u00e8 tutto questo e molto altro ancora. Gli appassionati, non potranno non provare il campo da golf della citt\u00e0, che immerso in un\u2019oasi di verde rigoglioso, \u00e8 l\u2019ideale per chi vuole completare la vacanza con un viaggio nel verde e un po\u2019 di sano sport.<\/span><\/p><p style=\"text-align: center;\">La sera, una volta abbandonato il costume, ci si pu\u00f2 immergere nella vita notturna. Quasi duemila fra negozi e locali aperti al pubblico animano la cittadina, fra l\u2019area di via Bafile e le principali piazze. I ristoranti e le pizzerie deliziano i palati con specialit\u00e0 a base di carne, pesce e verdure; i pub, le terrazze e i piani bar accompagnano le chiacchiere del dopocena e le discoteche intrattengono chi lo desidera fino a mattina.<\/p>\t\t\t\t\t\t<\/div>\n\t\t\t\t<\/div>\n\t\t\t\t<div class=\"elementor-element elementor-element-2ac38c8 elementor-widget elementor-widget-spacer\" data-id=\"2ac38c8\" data-element_type=\"widget\" data-widget_type=\"spacer.default\">\n\t\t\t\t<div class=\"elementor-widget-container\">\n\t\t\t\t\t<div class=\"elementor-spacer\">\n\t\t\t<div class=\"elementor-spacer-inner\"><\/div>\n\t\t<\/div>\n\t\t\t\t<\/div>\n\t\t\t\t<\/div>\n\t\t\t\t<section class=\"elementor-section elementor-inner-section elementor-element elementor-element-4ae6096 elementor-section-boxed elementor-section-height-default elementor-section-height-default\" data-id=\"4ae6096\" data-element_type=\"section\">\n\t\t\t\t\t\t<div class=\"elementor-container elementor-column-gap-default\">\n\t\t\t\t\t<div class=\"elementor-column elementor-col-100 elementor-inner-column elementor-element elementor-element-fd1ca06\" data-id=\"fd1ca06\" data-element_type=\"column\">\n\t\t\t<div class=\"elementor-widget-wrap\">\n\t\t\t\t\t\t\t<\/div>\n\t\t<\/div>\n\t\t\t\t\t<\/div>\n\t\t<\/section>\n\t\t\t\t\t<\/div>\n\t\t<\/div>\n\t\t\t\t<div class=\"elementor-column elementor-col-25 elementor-top-column elementor-element elementor-element-6b2931d\" data-id=\"6b2931d\" data-element_type=\"column\">\n\t\t\t<div class=\"elementor-widget-wrap\">\n\t\t\t\t\t\t\t<\/div>\n\t\t<\/div>\n\t\t\t\t\t<\/div>\n\t\t<\/section>\n\t\t\t\t<section class=\"elementor-section elementor-top-section elementor-element elementor-element-d55d89a elementor-section-stretched elementor-section-full_width elementor-section-height-default elementor-section-height-default\" data-id=\"d55d89a\" data-element_type=\"section\" data-settings=\"{&quot;stretch_section&quot;:&quot;section-stretched&quot;}\">\n\t\t\t\t\t\t<div class=\"elementor-container elementor-column-gap-no\">\n\t\t\t\t\t<div class=\"elementor-column elementor-col-50 elementor-top-column elementor-element elementor-element-7059ef7\" data-id=\"7059ef7\" data-element_type=\"column\">\n\t\t\t<div class=\"elementor-widget-wrap elementor-element-populated\">\n\t\t\t\t\t\t<div class=\"elementor-element elementor-element-52f20c2 elementor-widget elementor-widget-image\" data-id=\"52f20c2\" data-element_type=\"widget\" data-widget_type=\"image.default\">\n\t\t\t\t<div class=\"elementor-widget-container\">\n\t\t\t\t\t\t\t\t\t\t\t\t\t<img loading=\"lazy\" decoding=\"async\" width=\"1280\" height=\"730\" src=\"https:\/\/www.ideacasajesolo.it\/wp-content\/uploads\/2020\/04\/percorsi-ciclabili-jesolo.jpg\" class=\"attachment-full size-full wp-image-686\" alt=\"\" srcset=\"https:\/\/www.ideacasajesolo.it\/wp-content\/uploads\/2020\/04\/percorsi-ciclabili-jesolo.jpg 1280w, https:\/\/www.ideacasajesolo.it\/wp-content\/uploads\/2020\/04\/percorsi-ciclabili-jesolo-300x171.jpg 300w, https:\/\/www.ideacasajesolo.it\/wp-content\/uploads\/2020\/04\/percorsi-ciclabili-jesolo-1024x584.jpg 1024w, https:\/\/www.ideacasajesolo.it\/wp-content\/uploads\/2020\/04\/percorsi-ciclabili-jesolo-768x438.jpg 768w\" sizes=\"(max-width: 1280px) 100vw, 1280px\" \/>\t\t\t\t\t\t\t\t\t\t\t\t\t<\/div>\n\t\t\t\t<\/div>\n\t\t\t\t\t<\/div>\n\t\t<\/div>\n\t\t\t\t<div class=\"elementor-column elementor-col-50 elementor-top-column elementor-element elementor-element-d20d3a6\" data-id=\"d20d3a6\" data-element_type=\"column\">\n\t\t\t<div class=\"elementor-widget-wrap elementor-element-populated\">\n\t\t\t\t\t\t<div class=\"elementor-element elementor-element-9067ce9 elementor-widget elementor-widget-image\" data-id=\"9067ce9\" data-element_type=\"widget\" data-widget_type=\"image.default\">\n\t\t\t\t<div class=\"elementor-widget-container\">\n\t\t\t\t\t\t\t\t\t\t\t\t\t<img loading=\"lazy\" decoding=\"async\" width=\"1280\" height=\"730\" src=\"https:\/\/www.ideacasajesolo.it\/wp-content\/uploads\/2020\/04\/cucina-veneta-jesolo.jpg\" class=\"attachment-full size-full wp-image-672\" alt=\"\" srcset=\"https:\/\/www.ideacasajesolo.it\/wp-content\/uploads\/2020\/04\/cucina-veneta-jesolo.jpg 1280w, https:\/\/www.ideacasajesolo.it\/wp-content\/uploads\/2020\/04\/cucina-veneta-jesolo-300x171.jpg 300w, https:\/\/www.ideacasajesolo.it\/wp-content\/uploads\/2020\/04\/cucina-veneta-jesolo-1024x584.jpg 1024w, https:\/\/www.ideacasajesolo.it\/wp-content\/uploads\/2020\/04\/cucina-veneta-jesolo-768x438.jpg 768w\" sizes=\"(max-width: 1280px) 100vw, 1280px\" \/>\t\t\t\t\t\t\t\t\t\t\t\t\t<\/div>\n\t\t\t\t<\/div>\n\t\t\t\t\t<\/div>\n\t\t<\/div>\n\t\t\t\t\t<\/div>\n\t\t<\/section>\n\t\t\t\t<section class=\"elementor-section elementor-top-section elementor-element elementor-element-f078c63 elementor-section-stretched elementor-section-full_width elementor-section-content-middle elementor-section-height-default elementor-section-height-default\" data-id=\"f078c63\" data-element_type=\"section\" data-settings=\"{&quot;stretch_section&quot;:&quot;section-stretched&quot;}\">\n\t\t\t\t\t\t<div class=\"elementor-container elementor-column-gap-no\">\n\t\t\t\t\t<div class=\"elementor-column elementor-col-25 elementor-top-column elementor-element elementor-element-e2e7bd0\" data-id=\"e2e7bd0\" data-element_type=\"column\">\n\t\t\t<div class=\"elementor-widget-wrap\">\n\t\t\t\t\t\t\t<\/div>\n\t\t<\/div>\n\t\t\t\t<div class=\"elementor-column elementor-col-25 elementor-top-column elementor-element elementor-element-16ce3ea\" data-id=\"16ce3ea\" data-element_type=\"column\" data-settings=\"{&quot;background_background&quot;:&quot;classic&quot;}\">\n\t\t\t<div class=\"elementor-widget-wrap elementor-element-populated\">\n\t\t\t\t\t\t<div class=\"elementor-element elementor-element-0b185be elementor-widget elementor-widget-spacer\" data-id=\"0b185be\" data-element_type=\"widget\" data-widget_type=\"spacer.default\">\n\t\t\t\t<div class=\"elementor-widget-container\">\n\t\t\t\t\t<div class=\"elementor-spacer\">\n\t\t\t<div class=\"elementor-spacer-inner\"><\/div>\n\t\t<\/div>\n\t\t\t\t<\/div>\n\t\t\t\t<\/div>\n\t\t\t\t<div class=\"elementor-element elementor-element-8c363cf elementor-widget elementor-widget-text-editor\" data-id=\"8c363cf\" data-element_type=\"widget\" data-widget_type=\"text-editor.default\">\n\t\t\t\t<div class=\"elementor-widget-container\">\n\t\t\t\t\t\t\t<span style=\"color: #35a9e0;\">Spiagge dorate, acqua cristallina, enogastronomia, shopping, movida notturna. La prossima vacanza a Jesolo vi permetter\u00e0 di godere di tutto questo e molto altro ancora. La nostra citt\u00e0, infatti, \u00e8 vicinissima alle grandi citt\u00e0 d\u2019arte del Veneto, prima fra tutte Venezia, raggiungibili in giornata.<\/span>\t\t\t\t\t\t<\/div>\n\t\t\t\t<\/div>\n\t\t\t\t<div class=\"elementor-element elementor-element-c754a87 elementor-widget elementor-widget-spacer\" data-id=\"c754a87\" data-element_type=\"widget\" data-widget_type=\"spacer.default\">\n\t\t\t\t<div class=\"elementor-widget-container\">\n\t\t\t\t\t<div class=\"elementor-spacer\">\n\t\t\t<div class=\"elementor-spacer-inner\"><\/div>\n\t\t<\/div>\n\t\t\t\t<\/div>\n\t\t\t\t<\/div>\n\t\t\t\t<div class=\"elementor-element elementor-element-bdb7cfd elementor-align-left elementor-widget elementor-widget-button\" data-id=\"bdb7cfd\" data-element_type=\"widget\" data-widget_type=\"button.default\">\n\t\t\t\t<div class=\"elementor-widget-container\">\n\t\t\t\t\t<div class=\"elementor-button-wrapper\">\n\t\t\t<a class=\"elementor-button elementor-button-link elementor-size-md\" href=\"\/veneto\">\n\t\t\t\t\t\t<span class=\"elementor-button-content-wrapper\">\n\t\t\t\t\t\t<span class=\"elementor-button-text\">Scopri il Veneto<\/span>\n\t\t<\/span>\n\t\t\t\t\t<\/a>\n\t\t<\/div>\n\t\t\t\t<\/div>\n\t\t\t\t<\/div>\n\t\t\t\t<div class=\"elementor-element elementor-element-0cfb8e4 elementor-widget elementor-widget-spacer\" data-id=\"0cfb8e4\" data-element_type=\"widget\" data-widget_type=\"spacer.default\">\n\t\t\t\t<div class=\"elementor-widget-container\">\n\t\t\t\t\t<div class=\"elementor-spacer\">\n\t\t\t<div class=\"elementor-spacer-inner\"><\/div>\n\t\t<\/div>\n\t\t\t\t<\/div>\n\t\t\t\t<\/div>\n\t\t\t\t\t<\/div>\n\t\t<\/div>\n\t\t\t\t<div class=\"elementor-column elementor-col-25 elementor-top-column elementor-element elementor-element-a364ae9\" data-id=\"a364ae9\" data-element_type=\"column\">\n\t\t\t<div class=\"elementor-widget-wrap\">\n\t\t\t\t\t\t\t<\/div>\n\t\t<\/div>\n\t\t\t\t<div class=\"elementor-column elementor-col-25 elementor-top-column elementor-element elementor-element-1ac4101\" data-id=\"1ac4101\" data-element_type=\"column\">\n\t\t\t<div class=\"elementor-widget-wrap elementor-element-populated\">\n\t\t\t\t\t\t<div class=\"elementor-element elementor-element-2ba42a9 elementor-widget elementor-widget-image\" data-id=\"2ba42a9\" data-element_type=\"widget\" data-widget_type=\"image.default\">\n\t\t\t\t<div class=\"elementor-widget-container\">\n\t\t\t\t\t\t\t\t\t\t\t\t\t<img loading=\"lazy\" decoding=\"async\" width=\"1280\" height=\"730\" src=\"https:\/\/www.ideacasajesolo.it\/wp-content\/uploads\/2020\/04\/jesolo-appartamenti.jpg\" class=\"attachment-full size-full wp-image-676\" alt=\"\" srcset=\"https:\/\/www.ideacasajesolo.it\/wp-content\/uploads\/2020\/04\/jesolo-appartamenti.jpg 1280w, https:\/\/www.ideacasajesolo.it\/wp-content\/uploads\/2020\/04\/jesolo-appartamenti-300x171.jpg 300w, https:\/\/www.ideacasajesolo.it\/wp-content\/uploads\/2020\/04\/jesolo-appartamenti-1024x584.jpg 1024w, https:\/\/www.ideacasajesolo.it\/wp-content\/uploads\/2020\/04\/jesolo-appartamenti-768x438.jpg 768w\" sizes=\"(max-width: 1280px) 100vw, 1280px\" \/>\t\t\t\t\t\t\t\t\t\t\t\t\t<\/div>\n\t\t\t\t<\/div>\n\t\t\t\t\t<\/div>\n\t\t<\/div>\n\t\t\t\t\t<\/div>\n\t\t<\/section>\n\t\t\t\t<section class=\"elementor-section elementor-top-section elementor-element elementor-element-a76df24 elementor-section-stretched elementor-section-full_width elementor-section-height-default elementor-section-height-default\" data-id=\"a76df24\" data-element_type=\"section\" data-settings=\"{&quot;stretch_section&quot;:&quot;section-stretched&quot;}\">\n\t\t\t\t\t\t<div class=\"elementor-container elementor-column-gap-no\">\n\t\t\t\t\t<div class=\"elementor-column elementor-col-50 elementor-top-column elementor-element elementor-element-d0c78fc\" data-id=\"d0c78fc\" data-element_type=\"column\">\n\t\t\t<div class=\"elementor-widget-wrap elementor-element-populated\">\n\t\t\t\t\t\t<div class=\"elementor-element elementor-element-e3ed459 elementor-widget elementor-widget-image\" data-id=\"e3ed459\" data-element_type=\"widget\" data-widget_type=\"image.default\">\n\t\t\t\t<div class=\"elementor-widget-container\">\n\t\t\t\t\t\t\t\t\t\t\t\t\t<img loading=\"lazy\" decoding=\"async\" width=\"1280\" height=\"730\" src=\"https:\/\/www.ideacasajesolo.it\/wp-content\/uploads\/2020\/04\/jesolo-2.jpg\" class=\"attachment-full size-full wp-image-674\" alt=\"\" srcset=\"https:\/\/www.ideacasajesolo.it\/wp-content\/uploads\/2020\/04\/jesolo-2.jpg 1280w, https:\/\/www.ideacasajesolo.it\/wp-content\/uploads\/2020\/04\/jesolo-2-300x171.jpg 300w, https:\/\/www.ideacasajesolo.it\/wp-content\/uploads\/2020\/04\/jesolo-2-1024x584.jpg 1024w, https:\/\/www.ideacasajesolo.it\/wp-content\/uploads\/2020\/04\/jesolo-2-768x438.jpg 768w\" sizes=\"(max-width: 1280px) 100vw, 1280px\" \/>\t\t\t\t\t\t\t\t\t\t\t\t\t<\/div>\n\t\t\t\t<\/div>\n\t\t\t\t\t<\/div>\n\t\t<\/div>\n\t\t\t\t<div class=\"elementor-column elementor-col-50 elementor-top-column elementor-element elementor-element-28132c7\" data-id=\"28132c7\" data-element_type=\"column\">\n\t\t\t<div class=\"elementor-widget-wrap elementor-element-populated\">\n\t\t\t\t\t\t<div class=\"elementor-element elementor-element-7e2a090 elementor-widget elementor-widget-image\" data-id=\"7e2a090\" data-element_type=\"widget\" data-widget_type=\"image.default\">\n\t\t\t\t<div class=\"elementor-widget-container\">\n\t\t\t\t\t\t\t\t\t\t\t\t\t<img loading=\"lazy\" decoding=\"async\" width=\"1280\" height=\"730\" src=\"https:\/\/www.ideacasajesolo.it\/wp-content\/uploads\/2020\/04\/jesolo-golf.jpg\" class=\"attachment-full size-full wp-image-680\" alt=\"\" srcset=\"https:\/\/www.ideacasajesolo.it\/wp-content\/uploads\/2020\/04\/jesolo-golf.jpg 1280w, https:\/\/www.ideacasajesolo.it\/wp-content\/uploads\/2020\/04\/jesolo-golf-300x171.jpg 300w, https:\/\/www.ideacasajesolo.it\/wp-content\/uploads\/2020\/04\/jesolo-golf-1024x584.jpg 1024w, https:\/\/www.ideacasajesolo.it\/wp-content\/uploads\/2020\/04\/jesolo-golf-768x438.jpg 768w\" sizes=\"(max-width: 1280px) 100vw, 1280px\" \/>\t\t\t\t\t\t\t\t\t\t\t\t\t<\/div>\n\t\t\t\t<\/div>\n\t\t\t\t\t<\/div>\n\t\t<\/div>\n\t\t\t\t\t<\/div>\n\t\t<\/section>\n\t\t\t\t<section class=\"elementor-section elementor-top-section elementor-element elementor-element-6296684 elementor-section-stretched elementor-section-full_width elementor-section-height-default elementor-section-height-default\" data-id=\"6296684\" data-element_type=\"section\" data-settings=\"{&quot;stretch_section&quot;:&quot;section-stretched&quot;,&quot;background_background&quot;:&quot;classic&quot;,&quot;background_motion_fx_motion_fx_scrolling&quot;:&quot;yes&quot;,&quot;background_motion_fx_translateY_effect&quot;:&quot;yes&quot;,&quot;background_motion_fx_translateY_speed&quot;:{&quot;unit&quot;:&quot;px&quot;,&quot;size&quot;:4,&quot;sizes&quot;:[]},&quot;background_motion_fx_translateY_affectedRange&quot;:{&quot;unit&quot;:&quot;%&quot;,&quot;size&quot;:&quot;&quot;,&quot;sizes&quot;:{&quot;start&quot;:0,&quot;end&quot;:100}},&quot;background_motion_fx_devices&quot;:[&quot;desktop&quot;,&quot;tablet&quot;,&quot;mobile&quot;]}\">\n\t\t\t\t\t\t<div class=\"elementor-container elementor-column-gap-no\">\n\t\t\t\t\t<div class=\"elementor-column elementor-col-100 elementor-top-column elementor-element elementor-element-ae17ff3\" data-id=\"ae17ff3\" data-element_type=\"column\">\n\t\t\t<div class=\"elementor-widget-wrap elementor-element-populated\">\n\t\t\t\t\t\t<div class=\"elementor-element elementor-element-6c791b2 elementor-widget elementor-widget-spacer\" data-id=\"6c791b2\" data-element_type=\"widget\" data-widget_type=\"spacer.default\">\n\t\t\t\t<div class=\"elementor-widget-container\">\n\t\t\t\t\t<div class=\"elementor-spacer\">\n\t\t\t<div class=\"elementor-spacer-inner\"><\/div>\n\t\t<\/div>\n\t\t\t\t<\/div>\n\t\t\t\t<\/div>\n\t\t\t\t<div class=\"elementor-element elementor-element-9d78098 elementor-view-default elementor-widget elementor-widget-icon\" data-id=\"9d78098\" data-element_type=\"widget\" data-widget_type=\"icon.default\">\n\t\t\t\t<div class=\"elementor-widget-container\">\n\t\t\t\t\t<div class=\"elementor-icon-wrapper\">\n\t\t\t<div class=\"elementor-icon\">\n\t\t\t<svg xmlns=\"http:\/\/www.w3.org\/2000\/svg\" viewBox=\"0 0 58.5 58.5\"><defs><style>.cls-1{fill:#fff;}.cls-2{fill:#eab245;}<\/style><\/defs><g id=\"Livello_2\" data-name=\"Livello 2\"><g id=\"Content\"><circle class=\"cls-1\" cx=\"29.25\" cy=\"29.25\" r=\"29.25\"><\/circle><path class=\"cls-2\" d=\"M41.5,27.07H25.67V25.76a3.51,3.51,0,0,0-3.51-3.5H18.43a3.49,3.49,0,0,0-2.23.8V18.32a.64.64,0,1,0-1.28,0v9.39h0V40.18a.64.64,0,0,0,1.28,0V36.73H42.3v3.45a.64.64,0,1,0,1.28,0v-11A2.08,2.08,0,0,0,41.5,27.07ZM18.43,23.53h3.73a2.23,2.23,0,0,1,2.23,2.23v1.31H16.2V25.76A2.23,2.23,0,0,1,18.43,23.53ZM16.2,28.35h3.48v7.11H16.2ZM21,35.46V28.35H41.5a.8.8,0,0,1,.8.8v6.31Z\"><\/path><\/g><\/g><\/svg>\t\t\t<\/div>\n\t\t<\/div>\n\t\t\t\t<\/div>\n\t\t\t\t<\/div>\n\t\t\t\t<div class=\"elementor-element elementor-element-8533032 elementor-widget elementor-widget-text-editor\" data-id=\"8533032\" data-element_type=\"widget\" data-widget_type=\"text-editor.default\">\n\t\t\t\t<div class=\"elementor-widget-container\">\n\t\t\t\t\t\t\t<p style=\"text-align: center;\"><span style=\"color: #ffffff;\">Scopri i nostri appartamenti<\/span><br \/><span style=\"color: #ffffff;\">a due passi dal mare<\/span><\/p>\t\t\t\t\t\t<\/div>\n\t\t\t\t<\/div>\n\t\t\t\t<div class=\"elementor-element elementor-element-2170657 elementor-widget elementor-widget-spacer\" data-id=\"2170657\" data-element_type=\"widget\" data-widget_type=\"spacer.default\">\n\t\t\t\t<div class=\"elementor-widget-container\">\n\t\t\t\t\t<div class=\"elementor-spacer\">\n\t\t\t<div class=\"elementor-spacer-inner\"><\/div>\n\t\t<\/div>\n\t\t\t\t<\/div>\n\t\t\t\t<\/div>\n\t\t\t\t<div class=\"elementor-element elementor-element-7d91fd3 elementor-align-center elementor-widget elementor-widget-button\" data-id=\"7d91fd3\" data-element_type=\"widget\" data-widget_type=\"button.default\">\n\t\t\t\t<div class=\"elementor-widget-container\">\n\t\t\t\t\t<div class=\"elementor-button-wrapper\">\n\t\t\t<a class=\"elementor-button elementor-button-link elementor-size-md\" href=\"#\">\n\t\t\t\t\t\t<span class=\"elementor-button-content-wrapper\">\n\t\t\t\t\t\t<span class=\"elementor-button-text\">I nostri appartamenti a Jesolo<\/span>\n\t\t<\/span>\n\t\t\t\t\t<\/a>\n\t\t<\/div>\n\t\t\t\t<\/div>\n\t\t\t\t<\/div>\n\t\t\t\t<div class=\"elementor-element elementor-element-3c9908d elementor-widget elementor-widget-spacer\" data-id=\"3c9908d\" data-element_type=\"widget\" data-widget_type=\"spacer.default\">\n\t\t\t\t<div class=\"elementor-widget-container\">\n\t\t\t\t\t<div class=\"elementor-spacer\">\n\t\t\t<div class=\"elementor-spacer-inner\"><\/div>\n\t\t<\/div>\n\t\t\t\t<\/div>\n\t\t\t\t<\/div>\n\t\t\t\t\t<\/div>\n\t\t<\/div>\n\t\t\t\t\t<\/div>\n\t\t<\/section>\n\t\t\t\t<\/div>\n\t\t","protected":false},"excerpt":{"rendered":"<p>Con i suoi quindici chilometri di sabbia ambrata, \u00e8 uno dei litorali pi\u00f9 frequentati d\u2019Italia. La spiaggia, con il suo scendere lento fino a riva, i suoi fondali bassi e sabbiosi, i tipici pontili e il suo mare premiato da anni con la famosa Bandiera Blu, \u00e8 lo scenario perfetto per vivere un\u2019indimenticabile vacanza in &hellip;<\/p>\n","protected":false},"author":1,"featured_media":0,"parent":0,"menu_order":0,"comment_status":"closed","ping_status":"closed","template":"","meta":{"footnotes":""},"acf":[],"_links":{"self":[{"href":"https:\/\/www.ideacasajesolo.it\/de\/wp-json\/wp\/v2\/pages\/1161"}],"collection":[{"href":"https:\/\/www.ideacasajesolo.it\/de\/wp-json\/wp\/v2\/pages"}],"about":[{"href":"https:\/\/www.ideacasajesolo.it\/de\/wp-json\/wp\/v2\/types\/page"}],"author":[{"embeddable":true,"href":"https:\/\/www.ideacasajesolo.it\/de\/wp-json\/wp\/v2\/users\/1"}],"replies":[{"embeddable":true,"href":"https:\/\/www.ideacasajesolo.it\/de\/wp-json\/wp\/v2\/comments?post=1161"}],"version-history":[{"count":2,"href":"https:\/\/www.ideacasajesolo.it\/de\/wp-json\/wp\/v2\/pages\/1161\/revisions"}],"predecessor-version":[{"id":1210,"href":"https:\/\/www.ideacasajesolo.it\/de\/wp-json\/wp\/v2\/pages\/1161\/revisions\/1210"}],"wp:attachment":[{"href":"https:\/\/www.ideacasajesolo.it\/de\/wp-json\/wp\/v2\/media?parent=1161"}],"curies":[{"name":"wp","href":"https:\/\/api.w.org\/{rel}","templated":true}]}}